{"id":1743,"date":"2023-03-10T15:21:17","date_gmt":"2023-03-10T15:21:17","guid":{"rendered":"https:\/\/remundag.ch\/?page_id=1743"},"modified":"2026-04-27T10:26:30","modified_gmt":"2026-04-27T08:26:30","slug":"sonnen-sicht-und-splitterschutzfolien","status":"publish","type":"page","link":"https:\/\/remundag.ch\/fr\/werbetechnik\/sonnen-sicht-und-splitterschutzfolien\/","title":{"rendered":"Protection solaire, visuelle et anti-\u00e9clats"},"content":{"rendered":"<div data-elementor-type=\"wp-page\" data-elementor-id=\"1743\" class=\"elementor elementor-1743\" data-elementor-post-type=\"page\">\n\t\t\t\t\t\t<section class=\"elementor-section elementor-top-section elementor-element elementor-element-490a3950 elementor-section-full_width elementor-section-height-default elementor-section-height-default\" data-id=\"490a3950\" data-element_type=\"section\" data-e-type=\"section\">\n\t\t\t\t\t\t<div class=\"elementor-container elementor-column-gap-no\">\n\t\t\t\t\t<div class=\"elementor-column elementor-col-100 elementor-top-column elementor-element elementor-element-5d620722\" data-id=\"5d620722\" data-element_type=\"column\" data-e-type=\"column\">\n\t\t\t<div class=\"elementor-widget-wrap elementor-element-populated\">\n\t\t\t\t\t\t<div class=\"elementor-element elementor-element-3a62108d elementor--h-position-center elementor--v-position-middle elementor-pagination-position-inside elementor-widget elementor-widget-slides\" data-id=\"3a62108d\" data-element_type=\"widget\" data-e-type=\"widget\" data-settings=\"{&quot;navigation&quot;:&quot;dots&quot;,&quot;transition&quot;:&quot;fade&quot;,&quot;autoplay_speed&quot;:3000,&quot;autoplay&quot;:&quot;yes&quot;,&quot;pause_on_hover&quot;:&quot;yes&quot;,&quot;pause_on_interaction&quot;:&quot;yes&quot;,&quot;infinite&quot;:&quot;yes&quot;,&quot;transition_speed&quot;:500}\" data-widget_type=\"slides.default\">\n\t\t\t\t<div class=\"elementor-widget-container\">\n\t\t\t\t\t\t\t\t\t<div class=\"elementor-swiper\">\n\t\t\t\t\t<div class=\"elementor-slides-wrapper elementor-main-swiper swiper\" role=\"region\" aria-roledescription=\"carousel\" aria-label=\"Slider\" dir=\"ltr\" data-animation=\"fadeInUp\">\n\t\t\t\t<div class=\"swiper-wrapper elementor-slides\">\n\t\t\t\t\t\t\t\t\t\t<div class=\"elementor-repeater-item-b700a75 swiper-slide\" role=\"group\" aria-roledescription=\"slide\"><div class=\"swiper-slide-bg\" role=\"img\" aria-label=\"Remund AG - B\u00fcro - Sichtschutz\"><\/div><div class=\"swiper-slide-inner\" ><div class=\"swiper-slide-contents\"><\/div><\/div><\/div><div class=\"elementor-repeater-item-7c8b4d0 swiper-slide\" role=\"group\" aria-roledescription=\"slide\"><div class=\"swiper-slide-bg\" role=\"img\" aria-label=\"Remund Werbetechnik Beschriftung - Scheibenfolierung\"><\/div><div class=\"swiper-slide-inner\" ><div class=\"swiper-slide-contents\"><\/div><\/div><\/div><div class=\"elementor-repeater-item-fb84f0d swiper-slide\" role=\"group\" aria-roledescription=\"slide\"><div class=\"swiper-slide-bg\" role=\"img\" aria-label=\"Remund Werbetechnik Beschriftung - Scheibenfolierung\"><\/div><div class=\"swiper-slide-inner\" ><div class=\"swiper-slide-contents\"><\/div><\/div><\/div><div class=\"elementor-repeater-item-670303c swiper-slide\" role=\"group\" aria-roledescription=\"slide\"><div class=\"swiper-slide-bg\" role=\"img\" aria-label=\"Remund Werbetechnik Beschriftung - Firmengeb\u00e4ude - Delica\"><\/div><div class=\"swiper-slide-inner\" ><div class=\"swiper-slide-contents\"><\/div><\/div><\/div>\t\t\t\t<\/div>\n\t\t\t\t\t\t\t\t\t\t\t\t\t\t\t\t\t\t\t\t<div class=\"swiper-pagination\"><\/div>\n\t\t\t\t\t\t\t\t\t\t\t\t<\/div>\n\t\t\t\t<\/div>\n\t\t\t\t\t\t\t\t<\/div>\n\t\t\t\t<\/div>\n\t\t\t\t\t<\/div>\n\t\t<\/div>\n\t\t\t\t\t<\/div>\n\t\t<\/section>\n\t\t\t\t<section class=\"elementor-section elementor-top-section elementor-element elementor-element-147ee5f elementor-section-boxed elementor-section-height-default elementor-section-height-default\" data-id=\"147ee5f\" data-element_type=\"section\" data-e-type=\"section\">\n\t\t\t\t\t\t<div class=\"elementor-container elementor-column-gap-default\">\n\t\t\t\t\t<div class=\"elementor-column elementor-col-100 elementor-top-column elementor-element elementor-element-a52f19a\" data-id=\"a52f19a\" data-element_type=\"column\" data-e-type=\"column\">\n\t\t\t<div class=\"elementor-widget-wrap elementor-element-populated\">\n\t\t\t\t\t\t<div class=\"elementor-element elementor-element-8fc9b07 elementor-widget elementor-widget-heading\" data-id=\"8fc9b07\" data-element_type=\"widget\" data-e-type=\"widget\" data-widget_type=\"heading.default\">\n\t\t\t\t<div class=\"elementor-widget-container\">\n\t\t\t\t\t<h1 class=\"elementor-heading-title elementor-size-default\">Protection solaire, visuelle et anti-\u00e9clats<\/h1>\t\t\t\t<\/div>\n\t\t\t\t<\/div>\n\t\t\t\t<div class=\"elementor-element elementor-element-20c23a1 elementor-widget elementor-widget-heading\" data-id=\"20c23a1\" data-element_type=\"widget\" data-e-type=\"widget\" data-widget_type=\"heading.default\">\n\t\t\t\t<div class=\"elementor-widget-container\">\n\t\t\t\t\t<h2 class=\"elementor-heading-title elementor-size-default\">Un film ultra-fin pour une protection \u00e0 toute \u00e9preuve.<\/h2>\t\t\t\t<\/div>\n\t\t\t\t<\/div>\n\t\t\t\t<div class=\"elementor-element elementor-element-7203f1b elementor-widget elementor-widget-text-editor\" data-id=\"7203f1b\" data-element_type=\"widget\" data-e-type=\"widget\" data-widget_type=\"text-editor.default\">\n\t\t\t\t<div class=\"elementor-widget-container\">\n\t\t\t\t\t\t\t\t\t<p>Les films de protection solaire sont des films multicouches. Ils refl\u00e8tent et absorbent l\u2019\u00e9nergie solaire, ce qui renforce les propri\u00e9t\u00e9s positives du verre. R\u00e9sultat: ils am\u00e9liorent le climat de la pi\u00e8ce \u2013 il y fait plus frais \u2013 tout en prot\u00e9geant des rayons UV, des regards ext\u00e9rieurs et de l\u2019\u00e9blouissement.<\/p>\t\t\t\t\t\t\t\t<\/div>\n\t\t\t\t<\/div>\n\t\t\t\t<div class=\"elementor-element elementor-element-039882a elementor-widget elementor-widget-button\" data-id=\"039882a\" data-element_type=\"widget\" data-e-type=\"widget\" data-widget_type=\"button.default\">\n\t\t\t\t<div class=\"elementor-widget-container\">\n\t\t\t\t\t\t\t\t\t<div class=\"elementor-button-wrapper\">\n\t\t\t\t\t<a class=\"elementor-button elementor-button-link elementor-size-sm\" href=\"https:\/\/remundag.ch\/fr\/beratung-werbetechnik\/\">\n\t\t\t\t\t\t<span class=\"elementor-button-content-wrapper\">\n\t\t\t\t\t\t\t\t\t<span class=\"elementor-button-text\">Prendre rendez-vous<\/span>\n\t\t\t\t\t<\/span>\n\t\t\t\t\t<\/a>\n\t\t\t\t<\/div>\n\t\t\t\t\t\t\t\t<\/div>\n\t\t\t\t<\/div>\n\t\t\t\t\t<\/div>\n\t\t<\/div>\n\t\t\t\t\t<\/div>\n\t\t<\/section>\n\t\t<div class=\"elementor-element elementor-element-de2173b e-flex e-con-boxed e-con e-parent\" data-id=\"de2173b\" data-element_type=\"container\" data-e-type=\"container\">\n\t\t\t\t\t<div class=\"e-con-inner\">\n\t\t\t\t<div class=\"elementor-element elementor-element-b98cf60 elementor-widget__width-inherit elementor-widget elementor-widget-heading\" data-id=\"b98cf60\" data-element_type=\"widget\" data-e-type=\"widget\" data-widget_type=\"heading.default\">\n\t\t\t\t<div class=\"elementor-widget-container\">\n\t\t\t\t\t<h2 class=\"elementor-heading-title elementor-size-default\">Une offre tout-en-un<\/h2>\t\t\t\t<\/div>\n\t\t\t\t<\/div>\n\t\t<div class=\"elementor-element elementor-element-61f3320 hover-class e-con-full e-flex e-con e-child\" data-id=\"61f3320\" data-element_type=\"container\" data-e-type=\"container\">\n\t\t\t\t<div class=\"elementor-element elementor-element-ba85a8c elementor-widget elementor-widget-image\" data-id=\"ba85a8c\" data-element_type=\"widget\" data-e-type=\"widget\" data-widget_type=\"image.default\">\n\t\t\t\t<div class=\"elementor-widget-container\">\n\t\t\t\t\t\t\t\t\t\t\t\t\t\t\t\t<a href=\"https:\/\/remundag.ch\/fr\/team-remund\/\" target=\"_blank\">\n\t\t\t\t\t\t\t<img fetchpriority=\"high\" decoding=\"async\" width=\"500\" height=\"500\" src=\"https:\/\/remundag.ch\/wp-content\/uploads\/2023\/01\/talk.png\" class=\"attachment-large size-large wp-image-984\" alt=\"\" srcset=\"https:\/\/remundag.ch\/wp-content\/uploads\/2023\/01\/talk.png 500w, https:\/\/remundag.ch\/wp-content\/uploads\/2023\/01\/talk-300x300.png 300w, https:\/\/remundag.ch\/wp-content\/uploads\/2023\/01\/talk-150x150.png 150w\" sizes=\"(max-width: 500px) 100vw, 500px\" \/>\t\t\t\t\t\t\t\t<\/a>\n\t\t\t\t\t\t\t\t\t\t\t\t\t\t\t<\/div>\n\t\t\t\t<\/div>\n\t\t\t\t<div class=\"elementor-element elementor-element-3cf791c elementor-widget elementor-widget-heading\" data-id=\"3cf791c\" data-element_type=\"widget\" data-e-type=\"widget\" data-widget_type=\"heading.default\">\n\t\t\t\t<div class=\"elementor-widget-container\">\n\t\t\t\t\t<div class=\"elementor-heading-title elementor-size-default\"><a href=\"https:\/\/remundag.ch\/fr\/team-remund\/\" target=\"_blank\">Conseil et gestion de projet<\/a><\/div>\t\t\t\t<\/div>\n\t\t\t\t<\/div>\n\t\t\t\t<\/div>\n\t\t<div class=\"elementor-element elementor-element-24ee614 hover-class e-con-full e-flex e-con e-child\" data-id=\"24ee614\" data-element_type=\"container\" data-e-type=\"container\">\n\t\t\t\t<div class=\"elementor-element elementor-element-417eeeb elementor-widget elementor-widget-image\" data-id=\"417eeeb\" data-element_type=\"widget\" data-e-type=\"widget\" data-widget_type=\"image.default\">\n\t\t\t\t<div class=\"elementor-widget-container\">\n\t\t\t\t\t\t\t\t\t\t\t\t\t\t\t\t<a href=\"https:\/\/remundag.ch\/fr\/werbetechnik\/designstudio\/\" target=\"_blank\">\n\t\t\t\t\t\t\t<img decoding=\"async\" width=\"500\" height=\"500\" src=\"https:\/\/remundag.ch\/wp-content\/uploads\/2023\/01\/layout.png\" class=\"attachment-large size-large wp-image-985\" alt=\"\" srcset=\"https:\/\/remundag.ch\/wp-content\/uploads\/2023\/01\/layout.png 500w, https:\/\/remundag.ch\/wp-content\/uploads\/2023\/01\/layout-300x300.png 300w, https:\/\/remundag.ch\/wp-content\/uploads\/2023\/01\/layout-150x150.png 150w\" sizes=\"(max-width: 500px) 100vw, 500px\" \/>\t\t\t\t\t\t\t\t<\/a>\n\t\t\t\t\t\t\t\t\t\t\t\t\t\t\t<\/div>\n\t\t\t\t<\/div>\n\t\t\t\t<div class=\"elementor-element elementor-element-45dfa24 elementor-widget elementor-widget-heading\" data-id=\"45dfa24\" data-element_type=\"widget\" data-e-type=\"widget\" data-widget_type=\"heading.default\">\n\t\t\t\t<div class=\"elementor-widget-container\">\n\t\t\t\t\t<div class=\"elementor-heading-title elementor-size-default\"><a href=\"https:\/\/remundag.ch\/fr\/werbetechnik\/designstudio\/\" target=\"_blank\">Graphisme et mise en page<\/a><\/div>\t\t\t\t<\/div>\n\t\t\t\t<\/div>\n\t\t\t\t<\/div>\n\t\t<div class=\"elementor-element elementor-element-a0519b4 hover-class e-con-full e-flex e-con e-child\" data-id=\"a0519b4\" data-element_type=\"container\" data-e-type=\"container\">\n\t\t\t\t<div class=\"elementor-element elementor-element-21734b8 elementor-widget elementor-widget-image\" data-id=\"21734b8\" data-element_type=\"widget\" data-e-type=\"widget\" data-widget_type=\"image.default\">\n\t\t\t\t<div class=\"elementor-widget-container\">\n\t\t\t\t\t\t\t\t\t\t\t\t\t\t\t\t<a href=\"https:\/\/remundag.ch\/fr\/produktion-und-montage\/\" target=\"_blank\">\n\t\t\t\t\t\t\t<img decoding=\"async\" width=\"500\" height=\"500\" src=\"https:\/\/remundag.ch\/wp-content\/uploads\/2023\/01\/umsetzung.png\" class=\"attachment-large size-large wp-image-998\" alt=\"\" srcset=\"https:\/\/remundag.ch\/wp-content\/uploads\/2023\/01\/umsetzung.png 500w, https:\/\/remundag.ch\/wp-content\/uploads\/2023\/01\/umsetzung-300x300.png 300w, https:\/\/remundag.ch\/wp-content\/uploads\/2023\/01\/umsetzung-150x150.png 150w\" sizes=\"(max-width: 500px) 100vw, 500px\" \/>\t\t\t\t\t\t\t\t<\/a>\n\t\t\t\t\t\t\t\t\t\t\t\t\t\t\t<\/div>\n\t\t\t\t<\/div>\n\t\t\t\t<div class=\"elementor-element elementor-element-fe3abaf elementor-widget elementor-widget-heading\" data-id=\"fe3abaf\" data-element_type=\"widget\" data-e-type=\"widget\" data-widget_type=\"heading.default\">\n\t\t\t\t<div class=\"elementor-widget-container\">\n\t\t\t\t\t<div class=\"elementor-heading-title elementor-size-default\"><a href=\"https:\/\/remundag.ch\/fr\/produktion-und-montage\/\" target=\"_blank\">Production &amp; montage<\/a><\/div>\t\t\t\t<\/div>\n\t\t\t\t<\/div>\n\t\t\t\t<\/div>\n\t\t\t\t\t<\/div>\n\t\t\t\t<\/div>\n\t\t<div class=\"elementor-element elementor-element-7cc9f50b e-con-full e-flex e-con e-parent\" data-id=\"7cc9f50b\" data-element_type=\"container\" data-e-type=\"container\">\n\t\t<div class=\"elementor-element elementor-element-1506ec73 e-flex e-con-boxed e-con e-child\" data-id=\"1506ec73\" data-element_type=\"container\" data-e-type=\"container\">\n\t\t\t\t\t<div class=\"e-con-inner\">\n\t\t\t\t<div class=\"elementor-element elementor-element-6ac1b875 elementor-widget__width-inherit elementor-widget elementor-widget-heading\" data-id=\"6ac1b875\" data-element_type=\"widget\" data-e-type=\"widget\" data-widget_type=\"heading.default\">\n\t\t\t\t<div class=\"elementor-widget-container\">\n\t\t\t\t\t<h2 class=\"elementor-heading-title elementor-size-default\">Projets actuels<\/h2>\t\t\t\t<\/div>\n\t\t\t\t<\/div>\n\t\t\t\t\t<\/div>\n\t\t\t\t<\/div>\n\t\t<div class=\"elementor-element elementor-element-7e25727c e-con-full e-flex e-con e-child\" data-id=\"7e25727c\" data-element_type=\"container\" data-e-type=\"container\">\n\t\t\t\t<div class=\"elementor-element elementor-element-33799b44 elementor-arrows-position-inside elementor-widget elementor-widget-image-carousel\" data-id=\"33799b44\" data-element_type=\"widget\" data-e-type=\"widget\" data-settings=\"{&quot;slides_to_show&quot;:&quot;1&quot;,&quot;navigation&quot;:&quot;arrows&quot;,&quot;speed&quot;:300,&quot;autoplay&quot;:&quot;no&quot;,&quot;lazyload&quot;:&quot;yes&quot;,&quot;infinite&quot;:&quot;yes&quot;,&quot;effect&quot;:&quot;slide&quot;}\" sonnenschutzfolie=\"\" data-widget_type=\"image-carousel.default\">\n\t\t\t\t<div class=\"elementor-widget-container\">\n\t\t\t\t\t\t\t<div class=\"elementor-image-carousel-wrapper swiper\" role=\"region\" aria-roledescription=\"carousel\" aria-label=\"Bild Karussell\" dir=\"ltr\">\n\t\t\t<div class=\"elementor-image-carousel swiper-wrapper swiper-image-stretch\" aria-live=\"polite\">\n\t\t\t\t\t\t\t\t<div class=\"swiper-slide\" role=\"group\" aria-roledescription=\"slide\" aria-label=\"1 von 4\"><a data-elementor-open-lightbox=\"yes\" data-elementor-lightbox-slideshow=\"33799b44\" data-e-action-hash=\"#elementor-action%3Aaction%3Dlightbox%26settings%3DeyJpZCI6MTI2MjgsInVybCI6Imh0dHBzOlwvXC9yZW11bmRhZy5jaFwvd3AtY29udGVudFwvdXBsb2Fkc1wvMjAyNFwvMDhcLzItbWluLmpwZyIsInNsaWRlc2hvdyI6IjMzNzk5YjQ0In0%3D\" href=\"https:\/\/remundag.ch\/wp-content\/uploads\/2024\/08\/2-min.jpg\"><figure class=\"swiper-slide-inner\"><img class=\"swiper-slide-image swiper-lazy\" data-src=\"https:\/\/remundag.ch\/wp-content\/uploads\/2024\/08\/2-min.jpg\" alt=\"Sichtschutz \/ protection visuelle \u2013 Police, Granges-Paccot - Remund AG Schutzfolie | Sonnen | Sicht | Splitter\" \/><div class=\"swiper-lazy-preloader\"><\/div><\/figure><\/a><\/div><div class=\"swiper-slide\" role=\"group\" aria-roledescription=\"slide\" aria-label=\"2 von 4\"><a data-elementor-open-lightbox=\"yes\" data-elementor-lightbox-slideshow=\"33799b44\" data-e-action-hash=\"#elementor-action%3Aaction%3Dlightbox%26settings%3DeyJpZCI6MTI2MjcsInVybCI6Imh0dHBzOlwvXC9yZW11bmRhZy5jaFwvd3AtY29udGVudFwvdXBsb2Fkc1wvMjAyNFwvMDhcLzEtbWluLmpwZyIsInNsaWRlc2hvdyI6IjMzNzk5YjQ0In0%3D\" href=\"https:\/\/remundag.ch\/wp-content\/uploads\/2024\/08\/1-min.jpg\"><figure class=\"swiper-slide-inner\"><img class=\"swiper-slide-image swiper-lazy\" data-src=\"https:\/\/remundag.ch\/wp-content\/uploads\/2024\/08\/1-min.jpg\" alt=\"Sichtschutz \/ protection visuelle \u2013 Police, Granges-Paccot Schutzfolie | Sonnen | Sicht | Splitter\" \/><div class=\"swiper-lazy-preloader\"><\/div><\/figure><\/a><\/div><div class=\"swiper-slide\" role=\"group\" aria-roledescription=\"slide\" aria-label=\"3 von 4\"><a data-elementor-open-lightbox=\"yes\" data-elementor-lightbox-slideshow=\"33799b44\" data-e-action-hash=\"#elementor-action%3Aaction%3Dlightbox%26settings%3DeyJpZCI6MTUxNzEsInVybCI6Imh0dHBzOlwvXC9yZW11bmRhZy5jaFwvd3AtY29udGVudFwvdXBsb2Fkc1wvMjAyNlwvMDRcLzQtbWluLmpwZyIsInNsaWRlc2hvdyI6IjMzNzk5YjQ0In0%3D\" href=\"https:\/\/remundag.ch\/wp-content\/uploads\/2026\/04\/4-min.jpg\"><figure class=\"swiper-slide-inner\"><img class=\"swiper-slide-image swiper-lazy\" data-src=\"https:\/\/remundag.ch\/wp-content\/uploads\/2026\/04\/4-min.jpg\" alt=\"4-min\" \/><div class=\"swiper-lazy-preloader\"><\/div><\/figure><\/a><\/div><div class=\"swiper-slide\" role=\"group\" aria-roledescription=\"slide\" aria-label=\"4 von 4\"><a data-elementor-open-lightbox=\"yes\" data-elementor-lightbox-slideshow=\"33799b44\" data-e-action-hash=\"#elementor-action%3Aaction%3Dlightbox%26settings%3DeyJpZCI6MTI2MjksInVybCI6Imh0dHBzOlwvXC9yZW11bmRhZy5jaFwvd3AtY29udGVudFwvdXBsb2Fkc1wvMjAyNFwvMDhcLzMtbWluLmpwZyIsInNsaWRlc2hvdyI6IjMzNzk5YjQ0In0%3D\" href=\"https:\/\/remundag.ch\/wp-content\/uploads\/2024\/08\/3-min.jpg\"><figure class=\"swiper-slide-inner\"><img class=\"swiper-slide-image swiper-lazy\" data-src=\"https:\/\/remundag.ch\/wp-content\/uploads\/2024\/08\/3-min.jpg\" alt=\"Sichtschutz \/ protection visuelle \u2013 Police, Granges-Paccot Schutzfolie | Sonnen | Sicht | Splitter\" \/><div class=\"swiper-lazy-preloader\"><\/div><\/figure><\/a><\/div>\t\t\t<\/div>\n\t\t\t\t\t\t\t\t\t\t\t\t<div class=\"elementor-swiper-button elementor-swiper-button-prev\" role=\"button\" tabindex=\"0\">\n\t\t\t\t\t\t<svg aria-hidden=\"true\" class=\"e-font-icon-svg e-eicon-chevron-left\" viewbox=\"0 0 1000 1000\" xmlns=\"http:\/\/www.w3.org\/2000\/svg\"><path d=\"M646 125C629 125 613 133 604 142L308 442C296 454 292 471 292 487 292 504 296 521 308 533L604 854C617 867 629 875 646 875 663 875 679 871 692 858 704 846 713 829 713 812 713 796 708 779 692 767L438 487 692 225C700 217 708 204 708 187 708 171 704 154 692 142 675 129 663 125 646 125Z\"><\/path><\/svg>\t\t\t\t\t<\/div>\n\t\t\t\t\t<div class=\"elementor-swiper-button elementor-swiper-button-next\" role=\"button\" tabindex=\"0\">\n\t\t\t\t\t\t<svg aria-hidden=\"true\" class=\"e-font-icon-svg e-eicon-chevron-right\" viewbox=\"0 0 1000 1000\" xmlns=\"http:\/\/www.w3.org\/2000\/svg\"><path d=\"M696 533C708 521 713 504 713 487 713 471 708 454 696 446L400 146C388 133 375 125 354 125 338 125 325 129 313 142 300 154 292 171 292 187 292 204 296 221 308 233L563 492 304 771C292 783 288 800 288 817 288 833 296 850 308 863 321 871 338 875 354 875 371 875 388 867 400 854L696 533Z\"><\/path><\/svg>\t\t\t\t\t<\/div>\n\t\t\t\t\n\t\t\t\t\t\t\t\t\t<\/div>\n\t\t\t\t\t\t<\/div>\n\t\t\t\t<\/div>\n\t\t\t\t<div class=\"elementor-element elementor-element-6b9dbcff elementor-widget elementor-widget-text-editor\" data-id=\"6b9dbcff\" data-element_type=\"widget\" data-e-type=\"widget\" data-widget_type=\"text-editor.default\">\n\t\t\t\t<div class=\"elementor-widget-container\">\n\t\t\t\t\t\t\t\t\t<p>Sichtschutz \/ protection visuelle &#8211; Police, Granges-Paccot<\/p>\t\t\t\t\t\t\t\t<\/div>\n\t\t\t\t<\/div>\n\t\t\t\t<\/div>\n\t\t<div class=\"elementor-element elementor-element-287f5eb e-con-full e-flex e-con e-child\" data-id=\"287f5eb\" data-element_type=\"container\" data-e-type=\"container\">\n\t\t\t\t<div class=\"elementor-element elementor-element-7554fb0 elementor-arrows-position-inside elementor-widget elementor-widget-image-carousel\" data-id=\"7554fb0\" data-element_type=\"widget\" data-e-type=\"widget\" data-settings=\"{&quot;slides_to_show&quot;:&quot;1&quot;,&quot;navigation&quot;:&quot;arrows&quot;,&quot;speed&quot;:300,&quot;autoplay&quot;:&quot;no&quot;,&quot;lazyload&quot;:&quot;yes&quot;,&quot;infinite&quot;:&quot;yes&quot;,&quot;effect&quot;:&quot;slide&quot;}\" data-widget_type=\"image-carousel.default\">\n\t\t\t\t<div class=\"elementor-widget-container\">\n\t\t\t\t\t\t\t<div class=\"elementor-image-carousel-wrapper swiper\" role=\"region\" aria-roledescription=\"carousel\" aria-label=\"Bild Karussell\" dir=\"ltr\">\n\t\t\t<div class=\"elementor-image-carousel swiper-wrapper swiper-image-stretch\" aria-live=\"polite\">\n\t\t\t\t\t\t\t\t<div class=\"swiper-slide\" role=\"group\" aria-roledescription=\"slide\" aria-label=\"1 von 5\"><a data-elementor-open-lightbox=\"yes\" data-elementor-lightbox-slideshow=\"7554fb0\" data-elementor-lightbox-description=\"Remund AG - Empfang\" data-e-action-hash=\"#elementor-action%3Aaction%3Dlightbox%26settings%3DeyJpZCI6MTE3OTMsInVybCI6Imh0dHBzOlwvXC9yZW11bmRhZy5jaFwvd3AtY29udGVudFwvdXBsb2Fkc1wvMjAyNFwvMDVcLzItbWluLTUuanBnIiwic2xpZGVzaG93IjoiNzU1NGZiMCJ9\" href=\"https:\/\/remundag.ch\/wp-content\/uploads\/2024\/05\/2-min-5.jpg\"><figure class=\"swiper-slide-inner\"><img class=\"swiper-slide-image swiper-lazy\" data-src=\"https:\/\/remundag.ch\/wp-content\/uploads\/2024\/05\/2-min-5.jpg\" alt=\"Remund AG - Empfang Sichtschutz \/ protection visuelle \u2013 Sch\u00f6nenberger, Muri b. Bern Schutzfolie | Sonnen | Sicht | Splitter\" \/><div class=\"swiper-lazy-preloader\"><\/div><\/figure><\/a><\/div><div class=\"swiper-slide\" role=\"group\" aria-roledescription=\"slide\" aria-label=\"2 von 5\"><a data-elementor-open-lightbox=\"yes\" data-elementor-lightbox-slideshow=\"7554fb0\" data-elementor-lightbox-description=\"Remund AG - Sichtschutz\" data-e-action-hash=\"#elementor-action%3Aaction%3Dlightbox%26settings%3DeyJpZCI6MTE3OTQsInVybCI6Imh0dHBzOlwvXC9yZW11bmRhZy5jaFwvd3AtY29udGVudFwvdXBsb2Fkc1wvMjAyNFwvMDVcLzMtbWluLTQuanBnIiwic2xpZGVzaG93IjoiNzU1NGZiMCJ9\" href=\"https:\/\/remundag.ch\/wp-content\/uploads\/2024\/05\/3-min-4.jpg\"><figure class=\"swiper-slide-inner\"><img class=\"swiper-slide-image swiper-lazy\" data-src=\"https:\/\/remundag.ch\/wp-content\/uploads\/2024\/05\/3-min-4.jpg\" alt=\"Remund AG - Sichtschutz Sichtschutz \/ protection visuelle \u2013 Sch\u00f6nenberger, Muri b. Bern Schutzfolie | Sonnen | Sicht | Splitter\" \/><div class=\"swiper-lazy-preloader\"><\/div><\/figure><\/a><\/div><div class=\"swiper-slide\" role=\"group\" aria-roledescription=\"slide\" aria-label=\"3 von 5\"><a data-elementor-open-lightbox=\"yes\" data-elementor-lightbox-slideshow=\"7554fb0\" data-elementor-lightbox-description=\"Remund AG - Empfang\" data-e-action-hash=\"#elementor-action%3Aaction%3Dlightbox%26settings%3DeyJpZCI6MTE3OTUsInVybCI6Imh0dHBzOlwvXC9yZW11bmRhZy5jaFwvd3AtY29udGVudFwvdXBsb2Fkc1wvMjAyNFwvMDVcLzQtbWluLTMuanBnIiwic2xpZGVzaG93IjoiNzU1NGZiMCJ9\" href=\"https:\/\/remundag.ch\/wp-content\/uploads\/2024\/05\/4-min-3.jpg\"><figure class=\"swiper-slide-inner\"><img class=\"swiper-slide-image swiper-lazy\" data-src=\"https:\/\/remundag.ch\/wp-content\/uploads\/2024\/05\/4-min-3.jpg\" alt=\"Remund AG - Empfang Sichtschutz \/ protection visuelle \u2013 Sch\u00f6nenberger, Muri b. Bern Schutzfolie | Sonnen | Sicht | Splitter\" \/><div class=\"swiper-lazy-preloader\"><\/div><\/figure><\/a><\/div><div class=\"swiper-slide\" role=\"group\" aria-roledescription=\"slide\" aria-label=\"4 von 5\"><a data-elementor-open-lightbox=\"yes\" data-elementor-lightbox-slideshow=\"7554fb0\" data-elementor-lightbox-description=\"Remund AG - Empfang - Herzlich Willkommen\" data-e-action-hash=\"#elementor-action%3Aaction%3Dlightbox%26settings%3DeyJpZCI6MTE3OTYsInVybCI6Imh0dHBzOlwvXC9yZW11bmRhZy5jaFwvd3AtY29udGVudFwvdXBsb2Fkc1wvMjAyNFwvMDVcLzUtbWluLmpwZyIsInNsaWRlc2hvdyI6Ijc1NTRmYjAifQ%3D%3D\" href=\"https:\/\/remundag.ch\/wp-content\/uploads\/2024\/05\/5-min.jpg\"><figure class=\"swiper-slide-inner\"><img class=\"swiper-slide-image swiper-lazy\" data-src=\"https:\/\/remundag.ch\/wp-content\/uploads\/2024\/05\/5-min.jpg\" alt=\"Remund AG - Empfang - Herzlich Willkommen Sichtschutz \/ protection visuelle \u2013 Sch\u00f6nenberger, Muri b. Bern Schutzfolie | Sonnen | Sicht | Splitter\" \/><div class=\"swiper-lazy-preloader\"><\/div><\/figure><\/a><\/div><div class=\"swiper-slide\" role=\"group\" aria-roledescription=\"slide\" aria-label=\"5 von 5\"><a data-elementor-open-lightbox=\"yes\" data-elementor-lightbox-slideshow=\"7554fb0\" data-elementor-lightbox-description=\"Remund AG - Empfang\" data-e-action-hash=\"#elementor-action%3Aaction%3Dlightbox%26settings%3DeyJpZCI6MTE3OTIsInVybCI6Imh0dHBzOlwvXC9yZW11bmRhZy5jaFwvd3AtY29udGVudFwvdXBsb2Fkc1wvMjAyNFwvMDVcLzEtbWluLTUuanBnIiwic2xpZGVzaG93IjoiNzU1NGZiMCJ9\" href=\"https:\/\/remundag.ch\/wp-content\/uploads\/2024\/05\/1-min-5.jpg\"><figure class=\"swiper-slide-inner\"><img class=\"swiper-slide-image swiper-lazy\" data-src=\"https:\/\/remundag.ch\/wp-content\/uploads\/2024\/05\/1-min-5.jpg\" alt=\"Remund AG - Empfang Sichtschutz \/ protection visuelle \u2013 Sch\u00f6nenberger, Muri b. Bern Schutzfolie | Sonnen | Sicht | Splitter\" \/><div class=\"swiper-lazy-preloader\"><\/div><\/figure><\/a><\/div>\t\t\t<\/div>\n\t\t\t\t\t\t\t\t\t\t\t\t<div class=\"elementor-swiper-button elementor-swiper-button-prev\" role=\"button\" tabindex=\"0\">\n\t\t\t\t\t\t<svg aria-hidden=\"true\" class=\"e-font-icon-svg e-eicon-chevron-left\" viewbox=\"0 0 1000 1000\" xmlns=\"http:\/\/www.w3.org\/2000\/svg\"><path d=\"M646 125C629 125 613 133 604 142L308 442C296 454 292 471 292 487 292 504 296 521 308 533L604 854C617 867 629 875 646 875 663 875 679 871 692 858 704 846 713 829 713 812 713 796 708 779 692 767L438 487 692 225C700 217 708 204 708 187 708 171 704 154 692 142 675 129 663 125 646 125Z\"><\/path><\/svg>\t\t\t\t\t<\/div>\n\t\t\t\t\t<div class=\"elementor-swiper-button elementor-swiper-button-next\" role=\"button\" tabindex=\"0\">\n\t\t\t\t\t\t<svg aria-hidden=\"true\" class=\"e-font-icon-svg e-eicon-chevron-right\" viewbox=\"0 0 1000 1000\" xmlns=\"http:\/\/www.w3.org\/2000\/svg\"><path d=\"M696 533C708 521 713 504 713 487 713 471 708 454 696 446L400 146C388 133 375 125 354 125 338 125 325 129 313 142 300 154 292 171 292 187 292 204 296 221 308 233L563 492 304 771C292 783 288 800 288 817 288 833 296 850 308 863 321 871 338 875 354 875 371 875 388 867 400 854L696 533Z\"><\/path><\/svg>\t\t\t\t\t<\/div>\n\t\t\t\t\n\t\t\t\t\t\t\t\t\t<\/div>\n\t\t\t\t\t\t<\/div>\n\t\t\t\t<\/div>\n\t\t\t\t<div class=\"elementor-element elementor-element-4662423 elementor-widget elementor-widget-text-editor\" data-id=\"4662423\" data-element_type=\"widget\" data-e-type=\"widget\" data-widget_type=\"text-editor.default\">\n\t\t\t\t<div class=\"elementor-widget-container\">\n\t\t\t\t\t\t\t\t\t<p>Sichtschutz \/ protection visuelle &#8211; Sch\u00f6nenberger, Muri b. Bern<\/p>\t\t\t\t\t\t\t\t<\/div>\n\t\t\t\t<\/div>\n\t\t\t\t<\/div>\n\t\t<div class=\"elementor-element elementor-element-45490e43 e-con-full e-flex e-con e-child\" data-id=\"45490e43\" data-element_type=\"container\" data-e-type=\"container\">\n\t\t\t\t<div class=\"elementor-element elementor-element-219b0008 elementor-arrows-position-inside elementor-widget elementor-widget-image-carousel\" data-id=\"219b0008\" data-element_type=\"widget\" data-e-type=\"widget\" data-settings=\"{&quot;slides_to_show&quot;:&quot;1&quot;,&quot;navigation&quot;:&quot;arrows&quot;,&quot;speed&quot;:300,&quot;autoplay&quot;:&quot;no&quot;,&quot;lazyload&quot;:&quot;yes&quot;,&quot;infinite&quot;:&quot;yes&quot;,&quot;effect&quot;:&quot;slide&quot;}\" data-widget_type=\"image-carousel.default\">\n\t\t\t\t<div class=\"elementor-widget-container\">\n\t\t\t\t\t\t\t<div class=\"elementor-image-carousel-wrapper swiper\" role=\"region\" aria-roledescription=\"carousel\" aria-label=\"Bild Karussell\" dir=\"ltr\">\n\t\t\t<div class=\"elementor-image-carousel swiper-wrapper swiper-image-stretch\" aria-live=\"polite\">\n\t\t\t\t\t\t\t\t<div class=\"swiper-slide\" role=\"group\" aria-roledescription=\"slide\" aria-label=\"1 von 3\"><a data-elementor-open-lightbox=\"yes\" data-elementor-lightbox-slideshow=\"219b0008\" data-elementor-lightbox-description=\"Remund Werbetechnik &amp; Carrosserie AG\" data-e-action-hash=\"#elementor-action%3Aaction%3Dlightbox%26settings%3DeyJpZCI6MTE3ODksInVybCI6Imh0dHBzOlwvXC9yZW11bmRhZy5jaFwvd3AtY29udGVudFwvdXBsb2Fkc1wvMjAyNFwvMDVcLzMtbWluLTMuanBnIiwic2xpZGVzaG93IjoiMjE5YjAwMDgifQ%3D%3D\" href=\"https:\/\/remundag.ch\/wp-content\/uploads\/2024\/05\/3-min-3.jpg\"><figure class=\"swiper-slide-inner\"><img class=\"swiper-slide-image swiper-lazy\" data-src=\"https:\/\/remundag.ch\/wp-content\/uploads\/2024\/05\/3-min-3.jpg\" alt=\"Remund Werbetechnik &amp; Carrosserie AG Sonnenschutzfolie \/ Protection solaire \u2013 DIME, Fribourg Schutzfolie | Sonnen | Sicht | Splitter\" \/><div class=\"swiper-lazy-preloader\"><\/div><\/figure><\/a><\/div><div class=\"swiper-slide\" role=\"group\" aria-roledescription=\"slide\" aria-label=\"2 von 3\"><a data-elementor-open-lightbox=\"yes\" data-elementor-lightbox-slideshow=\"219b0008\" data-elementor-lightbox-description=\"Remund Werbetechnik &amp; Carrosserie AG\" data-e-action-hash=\"#elementor-action%3Aaction%3Dlightbox%26settings%3DeyJpZCI6MTE3ODcsInVybCI6Imh0dHBzOlwvXC9yZW11bmRhZy5jaFwvd3AtY29udGVudFwvdXBsb2Fkc1wvMjAyNFwvMDVcLzEtbWluLTMuanBnIiwic2xpZGVzaG93IjoiMjE5YjAwMDgifQ%3D%3D\" href=\"https:\/\/remundag.ch\/wp-content\/uploads\/2024\/05\/1-min-3.jpg\"><figure class=\"swiper-slide-inner\"><img class=\"swiper-slide-image swiper-lazy\" data-src=\"https:\/\/remundag.ch\/wp-content\/uploads\/2024\/05\/1-min-3.jpg\" alt=\"Remund Werbetechnik &amp; Carrosserie AG Sonnenschutzfolie \/ Protection solaire \u2013 DIME, Fribourg Schutzfolie | Sonnen | Sicht | Splitter\" \/><div class=\"swiper-lazy-preloader\"><\/div><\/figure><\/a><\/div><div class=\"swiper-slide\" role=\"group\" aria-roledescription=\"slide\" aria-label=\"3 von 3\"><a data-elementor-open-lightbox=\"yes\" data-elementor-lightbox-slideshow=\"219b0008\" data-elementor-lightbox-description=\"Remund Werbetechnik &amp; Carrosserie AG\" data-e-action-hash=\"#elementor-action%3Aaction%3Dlightbox%26settings%3DeyJpZCI6MTE3ODgsInVybCI6Imh0dHBzOlwvXC9yZW11bmRhZy5jaFwvd3AtY29udGVudFwvdXBsb2Fkc1wvMjAyNFwvMDVcLzItbWluLTMuanBnIiwic2xpZGVzaG93IjoiMjE5YjAwMDgifQ%3D%3D\" href=\"https:\/\/remundag.ch\/wp-content\/uploads\/2024\/05\/2-min-3.jpg\"><figure class=\"swiper-slide-inner\"><img class=\"swiper-slide-image swiper-lazy\" data-src=\"https:\/\/remundag.ch\/wp-content\/uploads\/2024\/05\/2-min-3.jpg\" alt=\"Remund Werbetechnik &amp; Carrosserie AG Sonnenschutzfolie \/ Protection solaire \u2013 DIME, Fribourg Schutzfolie | Sonnen | Sicht | Splitter\" \/><div class=\"swiper-lazy-preloader\"><\/div><\/figure><\/a><\/div>\t\t\t<\/div>\n\t\t\t\t\t\t\t\t\t\t\t\t<div class=\"elementor-swiper-button elementor-swiper-button-prev\" role=\"button\" tabindex=\"0\">\n\t\t\t\t\t\t<svg aria-hidden=\"true\" class=\"e-font-icon-svg e-eicon-chevron-left\" viewbox=\"0 0 1000 1000\" xmlns=\"http:\/\/www.w3.org\/2000\/svg\"><path d=\"M646 125C629 125 613 133 604 142L308 442C296 454 292 471 292 487 292 504 296 521 308 533L604 854C617 867 629 875 646 875 663 875 679 871 692 858 704 846 713 829 713 812 713 796 708 779 692 767L438 487 692 225C700 217 708 204 708 187 708 171 704 154 692 142 675 129 663 125 646 125Z\"><\/path><\/svg>\t\t\t\t\t<\/div>\n\t\t\t\t\t<div class=\"elementor-swiper-button elementor-swiper-button-next\" role=\"button\" tabindex=\"0\">\n\t\t\t\t\t\t<svg aria-hidden=\"true\" class=\"e-font-icon-svg e-eicon-chevron-right\" viewbox=\"0 0 1000 1000\" xmlns=\"http:\/\/www.w3.org\/2000\/svg\"><path d=\"M696 533C708 521 713 504 713 487 713 471 708 454 696 446L400 146C388 133 375 125 354 125 338 125 325 129 313 142 300 154 292 171 292 187 292 204 296 221 308 233L563 492 304 771C292 783 288 800 288 817 288 833 296 850 308 863 321 871 338 875 354 875 371 875 388 867 400 854L696 533Z\"><\/path><\/svg>\t\t\t\t\t<\/div>\n\t\t\t\t\n\t\t\t\t\t\t\t\t\t<\/div>\n\t\t\t\t\t\t<\/div>\n\t\t\t\t<\/div>\n\t\t\t\t<div class=\"elementor-element elementor-element-125c7153 elementor-widget elementor-widget-text-editor\" data-id=\"125c7153\" data-element_type=\"widget\" data-e-type=\"widget\" data-widget_type=\"text-editor.default\">\n\t\t\t\t<div class=\"elementor-widget-container\">\n\t\t\t\t\t\t\t\t\t<p>Sonnenschutzfolie \/ Protection solaire &#8211; DIME, Fribourg<\/p>\t\t\t\t\t\t\t\t<\/div>\n\t\t\t\t<\/div>\n\t\t\t\t<\/div>\n\t\t\t\t<\/div>\n\t\t\t\t<section class=\"elementor-section elementor-top-section elementor-element elementor-element-3b34bb0 elementor-section-boxed elementor-section-height-default elementor-section-height-default\" data-id=\"3b34bb0\" data-element_type=\"section\" data-e-type=\"section\" data-settings=\"{&quot;background_background&quot;:&quot;classic&quot;}\">\n\t\t\t\t\t\t<div class=\"elementor-container elementor-column-gap-default\">\n\t\t\t\t\t<div class=\"elementor-column elementor-col-100 elementor-top-column elementor-element elementor-element-9df6305\" data-id=\"9df6305\" data-element_type=\"column\" data-e-type=\"column\">\n\t\t\t<div class=\"elementor-widget-wrap elementor-element-populated\">\n\t\t\t\t\t\t<div class=\"elementor-element elementor-element-225a5f0 elementor-widget elementor-widget-heading\" data-id=\"225a5f0\" data-element_type=\"widget\" data-e-type=\"widget\" data-widget_type=\"heading.default\">\n\t\t\t\t<div class=\"elementor-widget-container\">\n\t\t\t\t\t<h2 class=\"elementor-heading-title elementor-size-default\">Bon \u00e0 savoir: <\/h2>\t\t\t\t<\/div>\n\t\t\t\t<\/div>\n\t\t\t\t<div class=\"elementor-element elementor-element-484c4eb3 elementor-icon-list--layout-traditional elementor-list-item-link-full_width elementor-widget elementor-widget-icon-list\" data-id=\"484c4eb3\" data-element_type=\"widget\" data-e-type=\"widget\" data-widget_type=\"icon-list.default\">\n\t\t\t\t<div class=\"elementor-widget-container\">\n\t\t\t\t\t\t\t<ul class=\"elementor-icon-list-items\">\n\t\t\t\t\t\t\t<li class=\"elementor-icon-list-item\">\n\t\t\t\t\t\t\t\t\t\t\t<span class=\"elementor-icon-list-icon\">\n\t\t\t\t\t\t\t<svg xmlns=\"http:\/\/www.w3.org\/2000\/svg\" width=\"36.048\" height=\"25.939\" viewbox=\"0 0 36.048 25.939\"><g id=\"check\" transform=\"translate(0 -71.788)\"><g id=\"Group_713\" data-name=\"Group 713\" transform=\"translate(-0.001 71.788)\"><path id=\"Path_988\" data-name=\"Path 988\" d=\"M35.21,72.626a2.859,2.859,0,0,0-4.043,0l-18.2,18.2L4.881,82.736A2.86,2.86,0,0,0,.837,86.78l10.11,10.11a2.859,2.859,0,0,0,4.044,0L35.21,76.669A2.859,2.859,0,0,0,35.21,72.626Z\" transform=\"translate(0.001 -71.788)\" fill=\"#fff\"><\/path><\/g><\/g><\/svg>\t\t\t\t\t\t<\/span>\n\t\t\t\t\t\t\t\t\t\t<span class=\"elementor-icon-list-text\"><strong>R\u00e9duction de la chaleur:<\/strong> ils r\u00e9duisent jusqu'\u00e0 80% la chaleur solaire et garantissent ainsi une temp\u00e9rature int\u00e9rieure agr\u00e9able.<\/span>\n\t\t\t\t\t\t\t\t\t<\/li>\n\t\t\t\t\t\t\t\t<li class=\"elementor-icon-list-item\">\n\t\t\t\t\t\t\t\t\t\t\t<span class=\"elementor-icon-list-icon\">\n\t\t\t\t\t\t\t<svg xmlns=\"http:\/\/www.w3.org\/2000\/svg\" width=\"36.048\" height=\"25.939\" viewbox=\"0 0 36.048 25.939\"><g id=\"check\" transform=\"translate(0 -71.788)\"><g id=\"Group_713\" data-name=\"Group 713\" transform=\"translate(-0.001 71.788)\"><path id=\"Path_988\" data-name=\"Path 988\" d=\"M35.21,72.626a2.859,2.859,0,0,0-4.043,0l-18.2,18.2L4.881,82.736A2.86,2.86,0,0,0,.837,86.78l10.11,10.11a2.859,2.859,0,0,0,4.044,0L35.21,76.669A2.859,2.859,0,0,0,35.21,72.626Z\" transform=\"translate(0.001 -71.788)\" fill=\"#fff\"><\/path><\/g><\/g><\/svg>\t\t\t\t\t\t<\/span>\n\t\t\t\t\t\t\t\t\t\t<span class=\"elementor-icon-list-text\"><strong>Protection anti-UV:<\/strong> ils r\u00e9duisent de 99% les rayons UV nocifs, prot\u00e9geant ainsi les personnes et l'int\u00e9rieur des b\u00e2timents.<\/span>\n\t\t\t\t\t\t\t\t\t<\/li>\n\t\t\t\t\t\t\t\t<li class=\"elementor-icon-list-item\">\n\t\t\t\t\t\t\t\t\t\t\t<span class=\"elementor-icon-list-icon\">\n\t\t\t\t\t\t\t<svg xmlns=\"http:\/\/www.w3.org\/2000\/svg\" width=\"36.048\" height=\"25.939\" viewbox=\"0 0 36.048 25.939\"><g id=\"check\" transform=\"translate(0 -71.788)\"><g id=\"Group_713\" data-name=\"Group 713\" transform=\"translate(-0.001 71.788)\"><path id=\"Path_988\" data-name=\"Path 988\" d=\"M35.21,72.626a2.859,2.859,0,0,0-4.043,0l-18.2,18.2L4.881,82.736A2.86,2.86,0,0,0,.837,86.78l10.11,10.11a2.859,2.859,0,0,0,4.044,0L35.21,76.669A2.859,2.859,0,0,0,35.21,72.626Z\" transform=\"translate(0.001 -71.788)\" fill=\"#fff\"><\/path><\/g><\/g><\/svg>\t\t\t\t\t\t<\/span>\n\t\t\t\t\t\t\t\t\t\t<span class=\"elementor-icon-list-text\"><strong>Protection contre l'\u00e9blouissement:<\/strong> ils garantissent des conditions d'\u00e9clairage id\u00e9ales en int\u00e9rieur, notamment sur les postes de travail \u00e9quip\u00e9s d'\u00e9crans.<\/span>\n\t\t\t\t\t\t\t\t\t<\/li>\n\t\t\t\t\t\t\t\t<li class=\"elementor-icon-list-item\">\n\t\t\t\t\t\t\t\t\t\t\t<span class=\"elementor-icon-list-icon\">\n\t\t\t\t\t\t\t<svg xmlns=\"http:\/\/www.w3.org\/2000\/svg\" width=\"36.048\" height=\"25.939\" viewbox=\"0 0 36.048 25.939\"><g id=\"check\" transform=\"translate(0 -71.788)\"><g id=\"Group_713\" data-name=\"Group 713\" transform=\"translate(-0.001 71.788)\"><path id=\"Path_988\" data-name=\"Path 988\" d=\"M35.21,72.626a2.859,2.859,0,0,0-4.043,0l-18.2,18.2L4.881,82.736A2.86,2.86,0,0,0,.837,86.78l10.11,10.11a2.859,2.859,0,0,0,4.044,0L35.21,76.669A2.859,2.859,0,0,0,35.21,72.626Z\" transform=\"translate(0.001 -71.788)\" fill=\"#fff\"><\/path><\/g><\/g><\/svg>\t\t\t\t\t\t<\/span>\n\t\t\t\t\t\t\t\t\t\t<span class=\"elementor-icon-list-text\"><strong>Protection visuelle:<\/strong> ils offrent une protection contre les regards ext\u00e9rieurs ind\u00e9sirables.<\/span>\n\t\t\t\t\t\t\t\t\t<\/li>\n\t\t\t\t\t\t\t\t<li class=\"elementor-icon-list-item\">\n\t\t\t\t\t\t\t\t\t\t\t<span class=\"elementor-icon-list-icon\">\n\t\t\t\t\t\t\t<svg xmlns=\"http:\/\/www.w3.org\/2000\/svg\" width=\"36.048\" height=\"25.939\" viewbox=\"0 0 36.048 25.939\"><g id=\"check\" transform=\"translate(0 -71.788)\"><g id=\"Group_713\" data-name=\"Group 713\" transform=\"translate(-0.001 71.788)\"><path id=\"Path_988\" data-name=\"Path 988\" d=\"M35.21,72.626a2.859,2.859,0,0,0-4.043,0l-18.2,18.2L4.881,82.736A2.86,2.86,0,0,0,.837,86.78l10.11,10.11a2.859,2.859,0,0,0,4.044,0L35.21,76.669A2.859,2.859,0,0,0,35.21,72.626Z\" transform=\"translate(0.001 -71.788)\" fill=\"#fff\"><\/path><\/g><\/g><\/svg>\t\t\t\t\t\t<\/span>\n\t\t\t\t\t\t\t\t\t\t<span class=\"elementor-icon-list-text\"><strong>Protection anti-\u00e9clats:<\/strong> les films anti-\u00e9clats prot\u00e8gent contre les \u00e9clats et bris de verre.<\/span>\n\t\t\t\t\t\t\t\t\t<\/li>\n\t\t\t\t\t\t\t\t<li class=\"elementor-icon-list-item\">\n\t\t\t\t\t\t\t\t\t\t\t<span class=\"elementor-icon-list-icon\">\n\t\t\t\t\t\t\t<svg xmlns=\"http:\/\/www.w3.org\/2000\/svg\" width=\"36.048\" height=\"25.939\" viewbox=\"0 0 36.048 25.939\"><g id=\"check\" transform=\"translate(0 -71.788)\"><g id=\"Group_713\" data-name=\"Group 713\" transform=\"translate(-0.001 71.788)\"><path id=\"Path_988\" data-name=\"Path 988\" d=\"M35.21,72.626a2.859,2.859,0,0,0-4.043,0l-18.2,18.2L4.881,82.736A2.86,2.86,0,0,0,.837,86.78l10.11,10.11a2.859,2.859,0,0,0,4.044,0L35.21,76.669A2.859,2.859,0,0,0,35.21,72.626Z\" transform=\"translate(0.001 -71.788)\" fill=\"#fff\"><\/path><\/g><\/g><\/svg>\t\t\t\t\t\t<\/span>\n\t\t\t\t\t\t\t\t\t\t<span class=\"elementor-icon-list-text\"><strong>\u00c9conomie de co\u00fbts:<\/strong> ils peuvent r\u00e9duire de 20% les co\u00fbts de climatisation.<\/span>\n\t\t\t\t\t\t\t\t\t<\/li>\n\t\t\t\t\t\t<\/ul>\n\t\t\t\t\t\t<\/div>\n\t\t\t\t<\/div>\n\t\t\t\t\t<\/div>\n\t\t<\/div>\n\t\t\t\t\t<\/div>\n\t\t<\/section>\n\t\t<div class=\"elementor-element elementor-element-717c8cc e-flex e-con-boxed e-con e-parent\" data-id=\"717c8cc\" data-element_type=\"container\" data-e-type=\"container\">\n\t\t\t\t\t<div class=\"e-con-inner\">\n\t\t\t\t<div class=\"elementor-element elementor-element-650a76d elementor-widget__width-inherit elementor-widget elementor-widget-heading\" data-id=\"650a76d\" data-element_type=\"widget\" data-e-type=\"widget\" data-widget_type=\"heading.default\">\n\t\t\t\t<div class=\"elementor-widget-container\">\n\t\t\t\t\t<h2 class=\"elementor-heading-title elementor-size-default\">Comment fonctionne un film de protection solaire?<\/h2>\t\t\t\t<\/div>\n\t\t\t\t<\/div>\n\t\t\t\t\t<\/div>\n\t\t\t\t<\/div>\n\t\t<div class=\"elementor-element elementor-element-8ffd252 e-flex e-con-boxed e-con e-parent\" data-id=\"8ffd252\" data-element_type=\"container\" data-e-type=\"container\">\n\t\t\t\t\t<div class=\"e-con-inner\">\n\t\t\t\t<div class=\"elementor-element elementor-element-a156730 elementor-widget elementor-widget-text-editor\" data-id=\"a156730\" data-element_type=\"widget\" data-e-type=\"widget\" data-widget_type=\"text-editor.default\">\n\t\t\t\t<div class=\"elementor-widget-container\">\n\t\t\t\t\t\t\t\t\t<p>Les films de protection solaire sont compos\u00e9s de plusieurs couches qui am\u00e9liorent les propri\u00e9t\u00e9s du verre. Ils r\u00e9duisent le d\u00e9veloppement de la chaleur, assurent un climat int\u00e9rieur plus agr\u00e9able et bloquent les rayons UV. Ils offrent en outre une protection contre l'\u00e9blouissement et les regards indiscrets.\nLa protection efficace contre la chaleur d'un film de protection solaire repose sur une combinaison de r\u00e9flexion et d'absorption. De nombreux films sont r\u00e9fl\u00e9chissants d'un c\u00f4t\u00e9, de sorte qu'une partie des rayons du soleil est r\u00e9fl\u00e9chie, tandis que le reste est absorb\u00e9 - selon le degr\u00e9 de teinte. Une teinte plus forte augmente l'absorption, mais assombrit \u00e9galement l'int\u00e9rieur.<\/p>\t\t\t\t\t\t\t\t<\/div>\n\t\t\t\t<\/div>\n\t\t\t\t\t<\/div>\n\t\t\t\t<\/div>\n\t\t<div class=\"elementor-element elementor-element-81c5a71 e-flex e-con-boxed e-con e-parent\" data-id=\"81c5a71\" data-element_type=\"container\" data-e-type=\"container\">\n\t\t\t\t\t<div class=\"e-con-inner\">\n\t\t\t\t<div class=\"elementor-element elementor-element-e499500 elementor-widget__width-inherit elementor-widget elementor-widget-heading\" data-id=\"e499500\" data-element_type=\"widget\" data-e-type=\"widget\" data-widget_type=\"heading.default\">\n\t\t\t\t<div class=\"elementor-widget-container\">\n\t\t\t\t\t<h2 class=\"elementor-heading-title elementor-size-default\">O\u00f9 les films de protection solaire sont-ils utilis\u00e9s?<\/h2>\t\t\t\t<\/div>\n\t\t\t\t<\/div>\n\t\t\t\t\t<\/div>\n\t\t\t\t<\/div>\n\t\t<div class=\"elementor-element elementor-element-d759f2a e-flex e-con-boxed e-con e-parent\" data-id=\"d759f2a\" data-element_type=\"container\" data-e-type=\"container\">\n\t\t\t\t\t<div class=\"e-con-inner\">\n\t\t\t\t<div class=\"elementor-element elementor-element-1467d3d elementor-widget elementor-widget-text-editor\" data-id=\"1467d3d\" data-element_type=\"widget\" data-e-type=\"widget\" data-widget_type=\"text-editor.default\">\n\t\t\t\t<div class=\"elementor-widget-container\">\n\t\t\t\t\t\t\t\t\t<p>Les films de protection solaire peuvent \u00eatre utilis\u00e9s partout o\u00f9 un meilleur climat int\u00e9rieur est souhait\u00e9. Cela concerne aussi bien les bureaux et les ateliers que les m\u00e9nages priv\u00e9s.<\/p>\t\t\t\t\t\t\t\t<\/div>\n\t\t\t\t<\/div>\n\t\t\t\t\t<\/div>\n\t\t\t\t<\/div>\n\t\t<div class=\"elementor-element elementor-element-e662e87 e-flex e-con-boxed e-con e-parent\" data-id=\"e662e87\" data-element_type=\"container\" data-e-type=\"container\">\n\t\t\t\t\t<div class=\"e-con-inner\">\n\t\t\t\t<div class=\"elementor-element elementor-element-e229e7f elementor-widget__width-inherit elementor-widget elementor-widget-heading\" data-id=\"e229e7f\" data-element_type=\"widget\" data-e-type=\"widget\" data-widget_type=\"heading.default\">\n\t\t\t\t<div class=\"elementor-widget-container\">\n\t\t\t\t\t<h2 class=\"elementor-heading-title elementor-size-default\">Les films de protection solaire sont-ils appliqu\u00e9s de l'int\u00e9rieur ou de l'ext\u00e9rieur ?<\/h2>\t\t\t\t<\/div>\n\t\t\t\t<\/div>\n\t\t\t\t\t<\/div>\n\t\t\t\t<\/div>\n\t\t<div class=\"elementor-element elementor-element-63c6b0f e-flex e-con-boxed e-con e-parent\" data-id=\"63c6b0f\" data-element_type=\"container\" data-e-type=\"container\">\n\t\t\t\t\t<div class=\"e-con-inner\">\n\t\t\t\t<div class=\"elementor-element elementor-element-e895bc4 elementor-widget elementor-widget-text-editor\" data-id=\"e895bc4\" data-element_type=\"widget\" data-e-type=\"widget\" data-widget_type=\"text-editor.default\">\n\t\t\t\t<div class=\"elementor-widget-container\">\n\t\t\t\t\t\t\t\t\t<p>Les films de protection solaire appliqu\u00e9s \u00e0 l'ext\u00e9rieur offrent une meilleure protection et font en sorte que la pi\u00e8ce soit moins chauff\u00e9e. Les films appliqu\u00e9s \u00e0 l'int\u00e9rieur durent toutefois plus longtemps et sont moins chers.<\/p>\t\t\t\t\t\t\t\t<\/div>\n\t\t\t\t<\/div>\n\t\t\t\t\t<\/div>\n\t\t\t\t<\/div>\n\t\t<div class=\"elementor-element elementor-element-f719256 e-flex e-con-boxed e-con e-parent\" data-id=\"f719256\" data-element_type=\"container\" data-e-type=\"container\">\n\t\t\t\t\t<div class=\"e-con-inner\">\n\t\t\t\t<div class=\"elementor-element elementor-element-3fcfe97 elementor-widget__width-inherit elementor-widget elementor-widget-heading\" data-id=\"3fcfe97\" data-element_type=\"widget\" data-e-type=\"widget\" data-widget_type=\"heading.default\">\n\t\t\t\t<div class=\"elementor-widget-container\">\n\t\t\t\t\t<h2 class=\"elementor-heading-title elementor-size-default\">Quelles sont les qualit\u00e9s de ce film?<\/h2>\t\t\t\t<\/div>\n\t\t\t\t<\/div>\n\t\t\t\t\t<\/div>\n\t\t\t\t<\/div>\n\t\t<div class=\"elementor-element elementor-element-d8b51d2 e-flex e-con-boxed e-con e-parent\" data-id=\"d8b51d2\" data-element_type=\"container\" data-e-type=\"container\">\n\t\t\t\t\t<div class=\"e-con-inner\">\n\t\t\t\t<div class=\"elementor-element elementor-element-881aa62 elementor-widget elementor-widget-text-editor\" data-id=\"881aa62\" data-element_type=\"widget\" data-e-type=\"widget\" data-widget_type=\"text-editor.default\">\n\t\t\t\t<div class=\"elementor-widget-container\">\n\t\t\t\t\t\t\t\t\t<p>Les films de protection solaire r\u00e9duisent la chaleur du rayonnement solaire jusqu'\u00e0 80%. Ils assurent une lumi\u00e8re non \u00e9blouissante, ce qui est particuli\u00e8rement avantageux dans les bureaux ou sur les postes de travail devant des \u00e9crans. L'utilisation de tels films permet de r\u00e9duire les co\u00fbts de climatisation jusqu'\u00e0 20%. De plus, ils prot\u00e8gent contre les rayons UV nocifs, qui peuvent \u00eatre r\u00e9duits jusqu'\u00e0 99 %.<\/p>\t\t\t\t\t\t\t\t<\/div>\n\t\t\t\t<\/div>\n\t\t\t\t\t<\/div>\n\t\t\t\t<\/div>\n\t\t<div class=\"elementor-element elementor-element-410825dd e-con-full e-flex e-con e-parent\" data-id=\"410825dd\" data-element_type=\"container\" data-e-type=\"container\">\n\t\t<div class=\"elementor-element elementor-element-2c574ae e-con-full e-flex e-con e-child\" data-id=\"2c574ae\" data-element_type=\"container\" data-e-type=\"container\">\n\t\t\t\t<div class=\"elementor-element elementor-element-ffa6730 elementor-arrows-position-inside elementor-widget elementor-widget-image-carousel\" data-id=\"ffa6730\" data-element_type=\"widget\" data-e-type=\"widget\" data-settings=\"{&quot;slides_to_show&quot;:&quot;1&quot;,&quot;navigation&quot;:&quot;arrows&quot;,&quot;speed&quot;:300,&quot;autoplay&quot;:&quot;no&quot;,&quot;infinite&quot;:&quot;yes&quot;,&quot;effect&quot;:&quot;slide&quot;}\" data-no-translation=\"\" data-widget_type=\"image-carousel.default\">\n\t\t\t\t<div class=\"elementor-widget-container\">\n\t\t\t\t\t\t\t<div class=\"elementor-image-carousel-wrapper swiper\" role=\"region\" aria-roledescription=\"carousel\" aria-label=\"Bild Karussell\" dir=\"ltr\">\n\t\t\t<div class=\"elementor-image-carousel swiper-wrapper swiper-image-stretch\" aria-live=\"polite\">\n\t\t\t\t\t\t\t\t<div class=\"swiper-slide\" role=\"group\" aria-roledescription=\"slide\" aria-label=\"1 sur 1\"><a data-elementor-open-lightbox=\"yes\" data-elementor-lightbox-slideshow=\"ffa6730\" data-e-action-hash=\"#elementor-action%3Aaction%3Dlightbox%26settings%3DeyJpZCI6MTQwNzEsInVybCI6Imh0dHBzOlwvXC9yZW11bmRhZy5jaFwvd3AtY29udGVudFwvdXBsb2Fkc1wvMjAyNVwvMDRcL0ZSLnBuZyIsInNsaWRlc2hvdyI6ImZmYTY3MzAifQ%3D%3D\" href=\"https:\/\/remundag.ch\/wp-content\/uploads\/2025\/04\/FR.png\"><figure class=\"swiper-slide-inner\"><img decoding=\"async\" class=\"swiper-slide-image\" src=\"https:\/\/remundag.ch\/wp-content\/uploads\/2025\/04\/FR.png\" alt=\"FR\" \/><\/figure><\/a><\/div>\t\t\t<\/div>\n\t\t\t\t\t<\/div>\n\t\t\t\t\t\t<\/div>\n\t\t\t\t<\/div>\n\t\t\t\t<\/div>\n\t\t<div class=\"elementor-element elementor-element-29ef9268 e-con-full e-flex e-con e-child\" data-id=\"29ef9268\" data-element_type=\"container\" data-e-type=\"container\">\n\t\t\t\t<div class=\"elementor-element elementor-element-54eb0c12 elementor-arrows-position-inside elementor-widget elementor-widget-image-carousel\" data-id=\"54eb0c12\" data-element_type=\"widget\" data-e-type=\"widget\" data-settings=\"{&quot;slides_to_show&quot;:&quot;1&quot;,&quot;navigation&quot;:&quot;arrows&quot;,&quot;speed&quot;:300,&quot;autoplay&quot;:&quot;no&quot;,&quot;infinite&quot;:&quot;yes&quot;,&quot;effect&quot;:&quot;slide&quot;}\" data-no-translation=\"\" data-widget_type=\"image-carousel.default\">\n\t\t\t\t<div class=\"elementor-widget-container\">\n\t\t\t\t\t<style>.elementor-element-54eb0c12{display:none !important}<\/style>\t\t\t\t<\/div>\n\t\t\t\t<\/div>\n\t\t\t\t<\/div>\n\t\t<div class=\"elementor-element elementor-element-2297c3f e-con-full e-flex e-con e-child\" data-id=\"2297c3f\" data-element_type=\"container\" data-e-type=\"container\">\n\t\t\t\t<\/div>\n\t\t\t\t<\/div>\n\t\t<div class=\"elementor-element elementor-element-dcf8ace e-flex e-con-boxed e-con e-parent\" data-id=\"dcf8ace\" data-element_type=\"container\" data-e-type=\"container\">\n\t\t\t\t\t<div class=\"e-con-inner\">\n\t\t\t\t<div class=\"elementor-element elementor-element-2ef9b08 elementor-widget__width-inherit elementor-widget elementor-widget-heading\" data-id=\"2ef9b08\" data-element_type=\"widget\" data-e-type=\"widget\" data-widget_type=\"heading.default\">\n\t\t\t\t<div class=\"elementor-widget-container\">\n\t\t\t\t\t<h2 class=\"elementor-heading-title elementor-size-default\">Quelle est la diff\u00e9rence entre un film de protection solaire et un film brise-vue?<\/h2>\t\t\t\t<\/div>\n\t\t\t\t<\/div>\n\t\t\t\t\t<\/div>\n\t\t\t\t<\/div>\n\t\t<div class=\"elementor-element elementor-element-8d70702 e-flex e-con-boxed e-con e-parent\" data-id=\"8d70702\" data-element_type=\"container\" data-e-type=\"container\">\n\t\t\t\t\t<div class=\"e-con-inner\">\n\t\t\t\t<div class=\"elementor-element elementor-element-f27bff6 elementor-widget elementor-widget-text-editor\" data-id=\"f27bff6\" data-element_type=\"widget\" data-e-type=\"widget\" data-widget_type=\"text-editor.default\">\n\t\t\t\t<div class=\"elementor-widget-container\">\n\t\t\t\t\t\t\t\t\t<p>Un film brise-vue est visuellement comparable \u00e0 du verre d\u00e9poli : il est opaque, mais laisse passer environ 70% de la lumi\u00e8re, de sorte que la lumi\u00e8re du jour continue de p\u00e9n\u00e9trer dans la pi\u00e8ce. Contrairement \u00e0 un film de protection solaire, il ne prot\u00e8ge pas des rayons du soleil, mais des regards ind\u00e9sirables. Ce film est donc particuli\u00e8rement adapt\u00e9 aux endroits o\u00f9 l'intimit\u00e9 est importante, comme les salles de r\u00e9union, les salles de consultation des cabinets m\u00e9dicaux ou la salle de bain et l'espace bien-\u00eatre \u00e0 la maison.<\/p><p>Les possibilit\u00e9s de conception d'un film brise-vue sont multiples. Par exemple, des espaces dans le film peuvent permettre de faire entrer plus de lumi\u00e8re dans la pi\u00e8ce. Des motifs de coupe cr\u00e9atifs peuvent \u00e9galement \u00eatre utilis\u00e9s pour int\u00e9grer le film comme \u00e9l\u00e9ment d\u00e9coratif.<\/p>\t\t\t\t\t\t\t\t<\/div>\n\t\t\t\t<\/div>\n\t\t\t\t\t<\/div>\n\t\t\t\t<\/div>\n\t\t<div class=\"elementor-element elementor-element-351732c e-flex e-con-boxed e-con e-parent\" data-id=\"351732c\" data-element_type=\"container\" data-e-type=\"container\">\n\t\t\t\t\t<div class=\"e-con-inner\">\n\t\t\t\t<div class=\"elementor-element elementor-element-b7062d4 elementor-widget elementor-widget-spacer\" data-id=\"b7062d4\" data-element_type=\"widget\" data-e-type=\"widget\" data-widget_type=\"spacer.default\">\n\t\t\t\t<div class=\"elementor-widget-container\">\n\t\t\t\t\t\t\t<div class=\"elementor-spacer\">\n\t\t\t<div class=\"elementor-spacer-inner\"><\/div>\n\t\t<\/div>\n\t\t\t\t\t\t<\/div>\n\t\t\t\t<\/div>\n\t\t\t\t\t<\/div>\n\t\t\t\t<\/div>\n\t\t<div class=\"elementor-element elementor-element-cacbb41 e-flex e-con-boxed e-con e-parent\" data-id=\"cacbb41\" data-element_type=\"container\" data-e-type=\"container\">\n\t\t\t\t\t<div class=\"e-con-inner\">\n\t\t<div class=\"elementor-element elementor-element-2c07bcc hover-class e-con-full e-flex e-con e-child\" data-id=\"2c07bcc\" data-element_type=\"container\" data-e-type=\"container\">\n\t\t\t\t<div class=\"elementor-element elementor-element-51de8f6 elementor-widget elementor-widget-image\" data-id=\"51de8f6\" data-element_type=\"widget\" data-e-type=\"widget\" data-widget_type=\"image.default\">\n\t\t\t\t<div class=\"elementor-widget-container\">\n\t\t\t\t\t\t\t\t\t\t\t\t\t\t\t<img loading=\"lazy\" decoding=\"async\" width=\"500\" height=\"500\" src=\"https:\/\/remundag.ch\/wp-content\/uploads\/2023\/03\/71.png\" class=\"attachment-large size-large wp-image-2085\" alt=\"\" srcset=\"https:\/\/remundag.ch\/wp-content\/uploads\/2023\/03\/71.png 500w, https:\/\/remundag.ch\/wp-content\/uploads\/2023\/03\/71-300x300.png 300w, https:\/\/remundag.ch\/wp-content\/uploads\/2023\/03\/71-150x150.png 150w\" sizes=\"(max-width: 500px) 100vw, 500px\" \/>\t\t\t\t\t\t\t\t\t\t\t\t\t\t\t<\/div>\n\t\t\t\t<\/div>\n\t\t\t\t<div class=\"elementor-element elementor-element-50d7be5 elementor-widget elementor-widget-heading\" data-id=\"50d7be5\" data-element_type=\"widget\" data-e-type=\"widget\" data-widget_type=\"heading.default\">\n\t\t\t\t<div class=\"elementor-widget-container\">\n\t\t\t\t\t<div class=\"elementor-heading-title elementor-size-default\">Plus de 30 ann\u00e9es d'exp\u00e9rience dans la r\u00e9alisation publicitaire<\/div>\t\t\t\t<\/div>\n\t\t\t\t<\/div>\n\t\t\t\t<\/div>\n\t\t<div class=\"elementor-element elementor-element-4c5c289 hover-class e-con-full e-flex e-con e-child\" data-id=\"4c5c289\" data-element_type=\"container\" data-e-type=\"container\">\n\t\t\t\t<div class=\"elementor-element elementor-element-0e97122 elementor-widget elementor-widget-image\" data-id=\"0e97122\" data-element_type=\"widget\" data-e-type=\"widget\" data-widget_type=\"image.default\">\n\t\t\t\t<div class=\"elementor-widget-container\">\n\t\t\t\t\t\t\t\t\t\t\t\t\t\t\t<img loading=\"lazy\" decoding=\"async\" width=\"500\" height=\"500\" src=\"https:\/\/remundag.ch\/wp-content\/uploads\/2023\/03\/72.png\" class=\"attachment-large size-large wp-image-2086\" alt=\"\" srcset=\"https:\/\/remundag.ch\/wp-content\/uploads\/2023\/03\/72.png 500w, https:\/\/remundag.ch\/wp-content\/uploads\/2023\/03\/72-300x300.png 300w, https:\/\/remundag.ch\/wp-content\/uploads\/2023\/03\/72-150x150.png 150w\" sizes=\"(max-width: 500px) 100vw, 500px\" \/>\t\t\t\t\t\t\t\t\t\t\t\t\t\t\t<\/div>\n\t\t\t\t<\/div>\n\t\t\t\t<div class=\"elementor-element elementor-element-5d819c3 elementor-widget elementor-widget-heading\" data-id=\"5d819c3\" data-element_type=\"widget\" data-e-type=\"widget\" data-widget_type=\"heading.default\">\n\t\t\t\t<div class=\"elementor-widget-container\">\n\t\t\t\t\t<div class=\"elementor-heading-title elementor-size-default\">Infrastructure vaste et moderne<\/div>\t\t\t\t<\/div>\n\t\t\t\t<\/div>\n\t\t\t\t<\/div>\n\t\t<div class=\"elementor-element elementor-element-2a7a78f hover-class e-con-full e-flex e-con e-child\" data-id=\"2a7a78f\" data-element_type=\"container\" data-e-type=\"container\">\n\t\t\t\t<div class=\"elementor-element elementor-element-4bcac67 elementor-widget elementor-widget-image\" data-id=\"4bcac67\" data-element_type=\"widget\" data-e-type=\"widget\" data-widget_type=\"image.default\">\n\t\t\t\t<div class=\"elementor-widget-container\">\n\t\t\t\t\t\t\t\t\t\t\t\t\t\t\t<img loading=\"lazy\" decoding=\"async\" width=\"500\" height=\"500\" src=\"https:\/\/remundag.ch\/wp-content\/uploads\/2023\/03\/73.png\" class=\"attachment-large size-large wp-image-2087\" alt=\"\" srcset=\"https:\/\/remundag.ch\/wp-content\/uploads\/2023\/03\/73.png 500w, https:\/\/remundag.ch\/wp-content\/uploads\/2023\/03\/73-300x300.png 300w, https:\/\/remundag.ch\/wp-content\/uploads\/2023\/03\/73-150x150.png 150w\" sizes=\"(max-width: 500px) 100vw, 500px\" \/>\t\t\t\t\t\t\t\t\t\t\t\t\t\t\t<\/div>\n\t\t\t\t<\/div>\n\t\t\t\t<div class=\"elementor-element elementor-element-3c7ec0b elementor-widget elementor-widget-heading\" data-id=\"3c7ec0b\" data-element_type=\"widget\" data-e-type=\"widget\" data-widget_type=\"heading.default\">\n\t\t\t\t<div class=\"elementor-widget-container\">\n\t\t\t\t\t<div class=\"elementor-heading-title elementor-size-default\">Plus de 2'500 marquages r\u00e9alis\u00e9s chaque ann\u00e9e <\/div>\t\t\t\t<\/div>\n\t\t\t\t<\/div>\n\t\t\t\t<\/div>\n\t\t<div class=\"elementor-element elementor-element-f4e6370 hover-class e-con-full e-flex e-con e-child\" data-id=\"f4e6370\" data-element_type=\"container\" data-e-type=\"container\">\n\t\t\t\t<div class=\"elementor-element elementor-element-a22e62d elementor-widget elementor-widget-image\" data-id=\"a22e62d\" data-element_type=\"widget\" data-e-type=\"widget\" data-widget_type=\"image.default\">\n\t\t\t\t<div class=\"elementor-widget-container\">\n\t\t\t\t\t\t\t\t\t\t\t\t\t\t\t<img loading=\"lazy\" decoding=\"async\" width=\"500\" height=\"500\" src=\"https:\/\/remundag.ch\/wp-content\/uploads\/2023\/03\/70.png\" class=\"attachment-large size-large wp-image-2084\" alt=\"\" srcset=\"https:\/\/remundag.ch\/wp-content\/uploads\/2023\/03\/70.png 500w, https:\/\/remundag.ch\/wp-content\/uploads\/2023\/03\/70-300x300.png 300w, https:\/\/remundag.ch\/wp-content\/uploads\/2023\/03\/70-150x150.png 150w\" sizes=\"(max-width: 500px) 100vw, 500px\" \/>\t\t\t\t\t\t\t\t\t\t\t\t\t\t\t<\/div>\n\t\t\t\t<\/div>\n\t\t\t\t<div class=\"elementor-element elementor-element-5f3b6e1 elementor-widget elementor-widget-heading\" data-id=\"5f3b6e1\" data-element_type=\"widget\" data-e-type=\"widget\" data-widget_type=\"heading.default\">\n\t\t\t\t<div class=\"elementor-widget-container\">\n\t\t\t\t\t<div class=\"elementor-heading-title elementor-size-default\">Collaborateurs parfaitement form\u00e9s<\/div>\t\t\t\t<\/div>\n\t\t\t\t<\/div>\n\t\t\t\t<\/div>\n\t\t\t\t\t<\/div>\n\t\t\t\t<\/div>\n\t\t<div class=\"elementor-element elementor-element-0450a55 e-con-full e-flex e-con e-parent\" data-id=\"0450a55\" data-element_type=\"container\" data-e-type=\"container\">\n\t\t<div class=\"elementor-element elementor-element-5f89cfd e-flex e-con-boxed e-con e-child\" data-id=\"5f89cfd\" data-element_type=\"container\" data-e-type=\"container\">\n\t\t\t\t\t<div class=\"e-con-inner\">\n\t\t\t\t<div class=\"elementor-element elementor-element-68c1ac6 elementor-widget__width-inherit elementor-widget elementor-widget-heading\" data-id=\"68c1ac6\" data-element_type=\"widget\" data-e-type=\"widget\" data-widget_type=\"heading.default\">\n\t\t\t\t<div class=\"elementor-widget-container\">\n\t\t\t\t\t<h2 class=\"elementor-heading-title elementor-size-default\">Autres services<\/h2>\t\t\t\t<\/div>\n\t\t\t\t<\/div>\n\t\t\t\t\t<\/div>\n\t\t\t\t<\/div>\n\t\t<div class=\"elementor-element elementor-element-fd8cb39 e-con-full e-flex e-con e-child\" data-id=\"fd8cb39\" data-element_type=\"container\" data-e-type=\"container\">\n\t\t\t\t<div class=\"elementor-element elementor-element-4eb3f92 animated-slow elementor-invisible elementor-widget elementor-widget-image\" data-id=\"4eb3f92\" data-element_type=\"widget\" data-e-type=\"widget\" data-settings=\"{&quot;_animation&quot;:&quot;fadeIn&quot;}\" data-widget_type=\"image.default\">\n\t\t\t\t<div class=\"elementor-widget-container\">\n\t\t\t\t\t\t\t\t\t\t\t\t<figure class=\"wp-caption\">\n\t\t\t\t\t\t\t\t\t\t\t<a href=\"https:\/\/remundag.ch\/fr\/werbetechnik\/signaletik-aussen-innen-beschriftung\/innenraumgestaltung\/\">\n\t\t\t\t\t\t\t<img decoding=\"async\" src=\"https:\/\/remundag.ch\/wp-content\/uploads\/elementor\/thumbs\/Website-Header-1920-\u00d7-1080-px-11-qa1ah4sjq7izh7spe5taodhr44zboyxa4nuouyf9mw.jpg\" title=\"Remund Werbetechnik Beschriftung &#8211; Innenraum &#8211; Attila Boutique\" alt=\"Remund Werbetechnik Beschriftung - Innenraum - Attila Boutique\" loading=\"lazy\" \/>\t\t\t\t\t\t\t\t<\/a>\n\t\t\t\t\t\t\t\t\t\t\t<figcaption class=\"widget-image-caption wp-caption-text\"><\/figcaption>\n\t\t\t\t\t\t\t\t\t\t<\/figure>\n\t\t\t\t\t\t\t\t\t<\/div>\n\t\t\t\t<\/div>\n\t\t\t\t<div class=\"elementor-element elementor-element-2139366 elementor-widget__width-auto elementor-absolute elementor-widget elementor-widget-heading\" data-id=\"2139366\" data-element_type=\"widget\" data-e-type=\"widget\" data-settings=\"{&quot;_position&quot;:&quot;absolute&quot;}\" data-widget_type=\"heading.default\">\n\t\t\t\t<div class=\"elementor-widget-container\">\n\t\t\t\t\t<div class=\"elementor-heading-title elementor-size-default\"><a href=\"https:\/\/remundag.ch\/fr\/werbetechnik\/signaletik-aussen-innen-beschriftung\/innenraumgestaltung\/\">Design d'int\u00e9rieur<\/a><\/div>\t\t\t\t<\/div>\n\t\t\t\t<\/div>\n\t\t\t\t<\/div>\n\t\t<div class=\"elementor-element elementor-element-443a327 e-con-full e-flex e-con e-child\" data-id=\"443a327\" data-element_type=\"container\" data-e-type=\"container\">\n\t\t\t\t<div class=\"elementor-element elementor-element-43e9685 animated-slow elementor-invisible elementor-widget elementor-widget-image\" data-id=\"43e9685\" data-element_type=\"widget\" data-e-type=\"widget\" data-settings=\"{&quot;_animation&quot;:&quot;fadeIn&quot;}\" data-widget_type=\"image.default\">\n\t\t\t\t<div class=\"elementor-widget-container\">\n\t\t\t\t\t\t\t\t\t\t\t\t<figure class=\"wp-caption\">\n\t\t\t\t\t\t\t\t\t\t\t<a href=\"https:\/\/remundag.ch\/fr\/werbetechnik\/fahrzeugbeschriftung\/\">\n\t\t\t\t\t\t\t<img loading=\"lazy\" decoding=\"async\" width=\"500\" height=\"500\" src=\"https:\/\/remundag.ch\/wp-content\/uploads\/2023\/01\/card_11.jpg\" class=\"attachment-large size-large wp-image-837\" alt=\"Remund Werbetechnik Folierung\" srcset=\"https:\/\/remundag.ch\/wp-content\/uploads\/2023\/01\/card_11.jpg 500w, https:\/\/remundag.ch\/wp-content\/uploads\/2023\/01\/card_11-300x300.jpg 300w, https:\/\/remundag.ch\/wp-content\/uploads\/2023\/01\/card_11-150x150.jpg 150w\" sizes=\"(max-width: 500px) 100vw, 500px\" \/>\t\t\t\t\t\t\t\t<\/a>\n\t\t\t\t\t\t\t\t\t\t\t<figcaption class=\"widget-image-caption wp-caption-text\"><\/figcaption>\n\t\t\t\t\t\t\t\t\t\t<\/figure>\n\t\t\t\t\t\t\t\t\t<\/div>\n\t\t\t\t<\/div>\n\t\t\t\t<div class=\"elementor-element elementor-element-87e6e6a elementor-widget__width-auto elementor-absolute elementor-widget elementor-widget-heading\" data-id=\"87e6e6a\" data-element_type=\"widget\" data-e-type=\"widget\" data-settings=\"{&quot;_position&quot;:&quot;absolute&quot;}\" data-widget_type=\"heading.default\">\n\t\t\t\t<div class=\"elementor-widget-container\">\n\t\t\t\t\t<div class=\"elementor-heading-title elementor-size-default\"><a href=\"https:\/\/remundag.ch\/fr\/werbetechnik\/fahrzeugbeschriftung\/\">Marquages v\u00e9hicules<\/a><\/div>\t\t\t\t<\/div>\n\t\t\t\t<\/div>\n\t\t\t\t<\/div>\n\t\t<div class=\"elementor-element elementor-element-de2c22a e-con-full e-flex e-con e-child\" data-id=\"de2c22a\" data-element_type=\"container\" data-e-type=\"container\">\n\t\t\t\t<div class=\"elementor-element elementor-element-00fa6d5 animated-slow elementor-invisible elementor-widget elementor-widget-image\" data-id=\"00fa6d5\" data-element_type=\"widget\" data-e-type=\"widget\" data-settings=\"{&quot;_animation&quot;:&quot;fadeIn&quot;}\" data-widget_type=\"image.default\">\n\t\t\t\t<div class=\"elementor-widget-container\">\n\t\t\t\t\t\t\t\t\t\t\t\t<figure class=\"wp-caption\">\n\t\t\t\t\t\t\t\t\t\t\t<a href=\"https:\/\/remundag.ch\/fr\/werbetechnik\/textildruck\/\">\n\t\t\t\t\t\t\t<img loading=\"lazy\" decoding=\"async\" width=\"500\" height=\"500\" src=\"https:\/\/remundag.ch\/wp-content\/uploads\/2023\/05\/Tasche_500.jpg\" class=\"attachment-large size-large wp-image-2121\" alt=\"Remund Werbetechnik Beschriftung - Textil Druck - Taschen\" srcset=\"https:\/\/remundag.ch\/wp-content\/uploads\/2023\/05\/Tasche_500.jpg 500w, https:\/\/remundag.ch\/wp-content\/uploads\/2023\/05\/Tasche_500-300x300.jpg 300w, https:\/\/remundag.ch\/wp-content\/uploads\/2023\/05\/Tasche_500-150x150.jpg 150w\" sizes=\"(max-width: 500px) 100vw, 500px\" \/>\t\t\t\t\t\t\t\t<\/a>\n\t\t\t\t\t\t\t\t\t\t\t<figcaption class=\"widget-image-caption wp-caption-text\"><\/figcaption>\n\t\t\t\t\t\t\t\t\t\t<\/figure>\n\t\t\t\t\t\t\t\t\t<\/div>\n\t\t\t\t<\/div>\n\t\t\t\t<div class=\"elementor-element elementor-element-4a3c441 elementor-widget__width-auto elementor-absolute elementor-widget elementor-widget-heading\" data-id=\"4a3c441\" data-element_type=\"widget\" data-e-type=\"widget\" data-settings=\"{&quot;_position&quot;:&quot;absolute&quot;}\" data-widget_type=\"heading.default\">\n\t\t\t\t<div class=\"elementor-widget-container\">\n\t\t\t\t\t<div class=\"elementor-heading-title elementor-size-default\"><a href=\"https:\/\/remundag.ch\/fr\/werbetechnik\/textildruck\/\">Impression textile<\/a><\/div>\t\t\t\t<\/div>\n\t\t\t\t<\/div>\n\t\t\t\t<\/div>\n\t\t<div class=\"elementor-element elementor-element-da87509 e-con-full e-flex e-con e-child\" data-id=\"da87509\" data-element_type=\"container\" data-e-type=\"container\">\n\t\t\t\t<div class=\"elementor-element elementor-element-466ec85 animated-slow elementor-invisible elementor-widget elementor-widget-image\" data-id=\"466ec85\" data-element_type=\"widget\" data-e-type=\"widget\" data-settings=\"{&quot;_animation&quot;:&quot;fadeIn&quot;}\" data-widget_type=\"image.default\">\n\t\t\t\t<div class=\"elementor-widget-container\">\n\t\t\t\t\t\t\t\t\t\t\t\t<figure class=\"wp-caption\">\n\t\t\t\t\t\t\t\t\t\t\t<a href=\"https:\/\/remundag.ch\/fr\/carrosserie\/\">\n\t\t\t\t\t\t\t<img decoding=\"async\" src=\"https:\/\/remundag.ch\/wp-content\/uploads\/elementor\/thumbs\/Website-Header-1920-\u00d7-1080-px-7-qa1ah4sjq7izh7spe5taodhr44zboyxa4nuouyf9mw.jpg\" title=\"reparatur-blech-unfallschaden-personenwagen\" alt=\"reparatur-blech-unfallschaden-personenwagen\" loading=\"lazy\" \/>\t\t\t\t\t\t\t\t<\/a>\n\t\t\t\t\t\t\t\t\t\t\t<figcaption class=\"widget-image-caption wp-caption-text\"><\/figcaption>\n\t\t\t\t\t\t\t\t\t\t<\/figure>\n\t\t\t\t\t\t\t\t\t<\/div>\n\t\t\t\t<\/div>\n\t\t\t\t<div class=\"elementor-element elementor-element-873303a elementor-widget__width-auto elementor-absolute elementor-widget elementor-widget-heading\" data-id=\"873303a\" data-element_type=\"widget\" data-e-type=\"widget\" data-settings=\"{&quot;_position&quot;:&quot;absolute&quot;}\" data-widget_type=\"heading.default\">\n\t\t\t\t<div class=\"elementor-widget-container\">\n\t\t\t\t\t<div class=\"elementor-heading-title elementor-size-default\"><a href=\"https:\/\/remundag.ch\/fr\/carrosserie\/\">Carrosserie<\/a><\/div>\t\t\t\t<\/div>\n\t\t\t\t<\/div>\n\t\t\t\t<\/div>\n\t\t\t\t<\/div>\n\t\t<div class=\"elementor-element elementor-element-7129e6f e-flex e-con-boxed e-con e-parent\" data-id=\"7129e6f\" data-element_type=\"container\" data-e-type=\"container\">\n\t\t\t\t\t<div class=\"e-con-inner\">\n\t\t\t\t<div class=\"elementor-element elementor-element-50725e0 elementor-widget elementor-widget-spacer\" data-id=\"50725e0\" data-element_type=\"widget\" data-e-type=\"widget\" data-widget_type=\"spacer.default\">\n\t\t\t\t<div class=\"elementor-widget-container\">\n\t\t\t\t\t\t\t<div class=\"elementor-spacer\">\n\t\t\t<div class=\"elementor-spacer-inner\"><\/div>\n\t\t<\/div>\n\t\t\t\t\t\t<\/div>\n\t\t\t\t<\/div>\n\t\t\t\t\t<\/div>\n\t\t\t\t<\/div>\n\t\t\t\t<\/div>","protected":false},"excerpt":{"rendered":"<p>D\u00fcnne Folie \u2013 viel Schutz. Sonnenschutzfolien sind mehrschichtige Filme. Sie reflektieren bzw. absorbieren die Sonnenenergie und verbessern so die positiven Eigenschaften von Glas. Der Effekt: Es entsteht ein angenehmes Raumklima, es ist k\u00fchler und die Folien sch\u00fctzen vor UV-Strahlung. Auch dienen sie als Blend- und Sichtschutz. Jetzt Termin vereinbaren Alles aus einer Hand Beratung &amp; [&hellip;]<\/p>\n","protected":false},"author":3,"featured_media":0,"parent":219,"menu_order":0,"comment_status":"closed","ping_status":"closed","template":"","meta":{"om_disable_all_campaigns":false,"inline_featured_image":false,"_uf_show_specific_survey":0,"_uf_disable_surveys":false,"footnotes":""},"class_list":["post-1743","page","type-page","status-publish","hentry"],"_links":{"self":[{"href":"https:\/\/remundag.ch\/fr\/wp-json\/wp\/v2\/pages\/1743","targetHints":{"allow":["GET"]}}],"collection":[{"href":"https:\/\/remundag.ch\/fr\/wp-json\/wp\/v2\/pages"}],"about":[{"href":"https:\/\/remundag.ch\/fr\/wp-json\/wp\/v2\/types\/page"}],"author":[{"embeddable":true,"href":"https:\/\/remundag.ch\/fr\/wp-json\/wp\/v2\/users\/3"}],"replies":[{"embeddable":true,"href":"https:\/\/remundag.ch\/fr\/wp-json\/wp\/v2\/comments?post=1743"}],"version-history":[{"count":145,"href":"https:\/\/remundag.ch\/fr\/wp-json\/wp\/v2\/pages\/1743\/revisions"}],"predecessor-version":[{"id":15186,"href":"https:\/\/remundag.ch\/fr\/wp-json\/wp\/v2\/pages\/1743\/revisions\/15186"}],"up":[{"embeddable":true,"href":"https:\/\/remundag.ch\/fr\/wp-json\/wp\/v2\/pages\/219"}],"wp:attachment":[{"href":"https:\/\/remundag.ch\/fr\/wp-json\/wp\/v2\/media?parent=1743"}],"curies":[{"name":"wp","href":"https:\/\/api.w.org\/{rel}","templated":true}]}}